{"id":26,"date":"2014-12-04T10:57:57","date_gmt":"2014-12-04T09:57:57","guid":{"rendered":"http:\/\/www.grupiref.org\/filosofia-formacion\/?page_id=26"},"modified":"2023-06-23T12:12:12","modified_gmt":"2023-06-23T10:12:12","slug":"recursos","status":"publish","type":"page","link":"https:\/\/www.grupiref.org\/filosofia-formacion\/recursos\/","title":{"rendered":"RECURSOS"},"content":{"rendered":"<p><img loading=\"lazy\" decoding=\"async\" class=\"alignnone\" src=\"http:\/\/www.grupiref.org\/filosofia-formacion\/wp-content\/uploads\/2014\/12\/01-nene-filosofia.jpg\" alt=\"Recursos\" width=\"565\" height=\"355\" \/><\/p>\n<p><em><span lang=\"ES-TRAD\" style=\"font-size: 7pt;\"><img loading=\"lazy\" decoding=\"async\" class=\"wp-image-249 alignnone\" src=\"http:\/\/www.grupiref.org\/filosofia-formacion\/wp-content\/uploads\/2018\/07\/copy.png\" alt=\"\" width=\"96\" height=\"31\" \/> Todos los art\u00edculos de esta p\u00e1gina web est\u00e1n sujetos a una licencia de<br \/>\nReconocimiento &#8211; No Comercial &#8211; Sin Obra Derivada 4.0 Internacional\u00a0 de Creative Commons. <\/span><\/p>\n<p><del datetime=\"2018-07-19T09:31:27+00:00\"><\/del><\/em><\/p>\n<p>&nbsp;<\/p>\n<p><strong><em>DE LA INCERTIDUMBRE por Irene de Puig<\/em><\/strong><strong><em> &#8211; Junio 2020 <\/em><\/strong><em><a href=\"https:\/\/www.grupiref.org\/filosofia-formacion\/wp-content\/uploads\/2020\/11\/DE-LA-INCERTIDUMBRE-v-novembre-2020.pdf\" target=\"_blank\" rel=\"noopener noreferrer\"><img loading=\"lazy\" decoding=\"async\" class=\"alignnone size-full wp-image-125\" src=\"http:\/\/www.grupiref.org\/filosofia-formacion\/wp-content\/uploads\/2014\/12\/PDF-filosofia3.png\" alt=\"PDF - Del di\u00e1logo colectivo al pensamiento individual\u00a0por I\u00f1aki Andr\u00e9s\u00a0\" width=\"38\" height=\"30\" align=\"absmiddle\" border=\"0\" \/><\/a><\/em><\/p>\n<p><strong><em>Del di\u00e1logo colectivo al pensamiento individual<\/em><\/strong>\u00a0por I\u00f1aki Andr\u00e9s<br \/>\nPublicado en el Butllet\u00ed Filosof\u00eda 3\/18, n\u00ba 38 &#8211; 1999. <em><a href=\"https:\/\/www.grupiref.org\/filosofia-formacion\/wp-content\/uploads\/2018\/07\/GrupIREF-Del-dialogo-colectivo-al-pensamiento-individual.pdf\"><img loading=\"lazy\" decoding=\"async\" class=\"alignnone size-full wp-image-125\" src=\"http:\/\/www.grupiref.org\/filosofia-formacion\/wp-content\/uploads\/2014\/12\/PDF-filosofia3.png\" alt=\"PDF - Del di\u00e1logo colectivo al pensamiento individual\u00a0por I\u00f1aki Andr\u00e9s\u00a0\" width=\"38\" height=\"30\" align=\"absmiddle\" border=\"0\" \/><\/a><\/em><\/p>\n<p><strong><em>\u00bfPor qu\u00e9 es interesante hacer preguntas?<\/em><\/strong> por Maribel Pomar, Irene de Puig y Maite Sbert.<br \/>\nPublicado en el Butllet\u00ed Filosof\u00eda 3\/18, n\u00ba 39-40 &#8211; 2000.<em> <a href=\"https:\/\/www.grupiref.org\/filosofia-formacion\/wp-content\/uploads\/2018\/07\/GrupIREF-por-que-es-interesante-hacer-preguntas.pdf\"><img loading=\"lazy\" decoding=\"async\" class=\"alignnone size-full wp-image-125\" src=\"http:\/\/www.grupiref.org\/filosofia-formacion\/wp-content\/uploads\/2014\/12\/PDF-filosofia3.png\" alt=\"PDF - \u00bfPor qu\u00e9 es interesante hacer preguntas? por Maribel Pomar, Irene de Puig \" width=\"38\" height=\"30\" align=\"absmiddle\" border=\"0\" \/><\/a><\/em><\/p>\n<p><strong><em>\u00a0\u00bfQu\u00e9 quiere decir progresar en filosof\u00eda?<\/em><\/strong>\u00a0por Josep M. Terricabras<br \/>\n\u00a0Publicado en el Butllet\u00ed Filosof\u00eda 3\/18, n\u00ba 22 &#8211; 1995.<em><a href=\"https:\/\/www.grupiref.org\/filosofia-formacion\/wp-content\/uploads\/2018\/07\/GrupIREF-que-quiere-decir-progresar-en-filosofia.pdf\"><img loading=\"lazy\" decoding=\"async\" class=\"alignnone size-full wp-image-125\" src=\"http:\/\/www.grupiref.org\/filosofia-formacion\/wp-content\/uploads\/2014\/12\/PDF-filosofia3.png\" alt=\"PDF - \u00bfQu\u00e9 quiere decir progresar en filosof\u00eda?\u00a0por Josep M. Terricabras\u00a0\" width=\"38\" height=\"30\" align=\"absmiddle\" border=\"0\" \/><\/a><\/em><\/p>\n<p><strong><em>\u00a0\u00a0En las sesiones de Filosof\u00eda no hay que votar<\/em><\/strong>\u00a0por Irene de Puig <a href=\"https:\/\/www.grupiref.org\/filosofia-formacion\/wp-content\/uploads\/2018\/07\/GrupIREF-En-las-sesiones-de-Filosofia-3_18-no-hay-que-votar.pdf\"><img loading=\"lazy\" decoding=\"async\" class=\"alignnone size-full wp-image-125\" src=\"http:\/\/www.grupiref.org\/filosofia-formacion\/wp-content\/uploads\/2014\/12\/PDF-filosofia3.png\" alt=\"PDF - En las sesiones de Filosof\u00eda no hay que votar\" width=\"38\" height=\"30\" align=\"absmiddle\" border=\"0\" \/><\/a><\/p>\n<p><strong>\u00a0\u00a0Saludad a Filo<\/strong> -Diari Ara-<br \/>\n\u00a0\u00a0Cr\u00edtica de M\u00f3nica Planas del programa\u00a0<em>La Filo 1<\/em>\u00a0en Amb Filosofia &#8211; Canal 33 &#8211;\u00a0<em><a href=\"https:\/\/www.grupiref.org\/filosofia-formacion\/wp-content\/uploads\/2018\/07\/SALUDEU-LA-FILO.pdf\"><img loading=\"lazy\" decoding=\"async\" class=\"alignnone size-full wp-image-125\" src=\"http:\/\/www.grupiref.org\/filosofia-formacion\/wp-content\/uploads\/2014\/12\/PDF-filosofia3.png\" alt=\"PDF - Saludad a Filo -Diari Ara\" width=\"38\" height=\"30\" align=\"absmiddle\" border=\"0\" \/><\/a><\/em><\/p>\n<p><strong>\u00a0\u00a0Miradas desde la Pedgog\u00eda Sist\u00e9mica y Filosofia 3\/18<\/strong><br \/>\n\u00a0\u00a0Conversaciones entre I\u00f1aki Andr\u00e9s y Carles Parellada. <em><a href=\"https:\/\/www.grupiref.org\/filosofia-formacion\/wp-content\/uploads\/2018\/07\/GrupIREF-MIRADAS-des-PS-y-Filo3-18.pdf\"><img loading=\"lazy\" decoding=\"async\" class=\"alignnone size-full wp-image-125\" src=\"http:\/\/www.grupiref.org\/filosofia-formacion\/wp-content\/uploads\/2014\/12\/PDF-filosofia3.png\" alt=\"PDF - \u00bfQu\u00e9 quiere decir progresar en filosof\u00eda?\u00a0por Josep M. Terricabras\u00a0\" width=\"38\" height=\"30\" align=\"absmiddle\" border=\"0\" \/><\/a><\/em><\/p>\n<p>&nbsp;<\/p>\n<p>&nbsp;<\/p>\n","protected":false},"excerpt":{"rendered":"<p>Todos los art\u00edculos de esta p\u00e1gina web est\u00e1n sujetos a una licencia de Reconocimiento &#8211; No Comercial &#8211; Sin Obra Derivada 4.0 Internacional\u00a0 de Creative Commons. &nbsp; DE LA INCERTIDUMBRE por Irene de Puig &#8211; Junio 2020 Del di\u00e1logo colectivo al pensamiento individual\u00a0por I\u00f1aki Andr\u00e9s Publicado en el Butllet\u00ed Filosof\u00eda 3\/18, n\u00ba 38 &#8211; 1999. &hellip; <a href=\"https:\/\/www.grupiref.org\/filosofia-formacion\/recursos\/\" class=\"more-link\">Sigue leyendo <span class=\"screen-reader-text\">RECURSOS<\/span><\/a><\/p>\n","protected":false},"author":1,"featured_media":0,"parent":0,"menu_order":0,"comment_status":"closed","ping_status":"closed","template":"","meta":{"footnotes":""},"class_list":["post-26","page","type-page","status-publish","hentry"],"_links":{"self":[{"href":"https:\/\/www.grupiref.org\/filosofia-formacion\/wp-json\/wp\/v2\/pages\/26","targetHints":{"allow":["GET"]}}],"collection":[{"href":"https:\/\/www.grupiref.org\/filosofia-formacion\/wp-json\/wp\/v2\/pages"}],"about":[{"href":"https:\/\/www.grupiref.org\/filosofia-formacion\/wp-json\/wp\/v2\/types\/page"}],"author":[{"embeddable":true,"href":"https:\/\/www.grupiref.org\/filosofia-formacion\/wp-json\/wp\/v2\/users\/1"}],"replies":[{"embeddable":true,"href":"https:\/\/www.grupiref.org\/filosofia-formacion\/wp-json\/wp\/v2\/comments?post=26"}],"version-history":[{"count":10,"href":"https:\/\/www.grupiref.org\/filosofia-formacion\/wp-json\/wp\/v2\/pages\/26\/revisions"}],"predecessor-version":[{"id":389,"href":"https:\/\/www.grupiref.org\/filosofia-formacion\/wp-json\/wp\/v2\/pages\/26\/revisions\/389"}],"wp:attachment":[{"href":"https:\/\/www.grupiref.org\/filosofia-formacion\/wp-json\/wp\/v2\/media?parent=26"}],"curies":[{"name":"wp","href":"https:\/\/api.w.org\/{rel}","templated":true}]}}